{"id":131052,"date":"2024-05-30T17:41:38","date_gmt":"2024-05-30T17:41:38","guid":{"rendered":"https:\/\/bertrand-galindo.cl\/2023\/?page_id=131052"},"modified":"2024-10-30T20:42:33","modified_gmt":"2024-10-30T20:42:33","slug":"derecho-corporativo-derecho-comercial-y-ma","status":"publish","type":"page","link":"https:\/\/www.bertrand-galindo.cl\/2023\/derecho-corporativo-derecho-comercial-y-ma\/","title":{"rendered":"Derecho Corporativo,  Derecho Comercial y M&#038;A"},"content":{"rendered":"<div class=\"wpb-content-wrapper\"><p>[vc_row row_height_percent=\u00bb50&#8243; override_padding=\u00bbyes\u00bb h_padding=\u00bb2&#8243; top_padding=\u00bb5&#8243; bottom_padding=\u00bb5&#8243; back_color=\u00bbaccent\u00bb back_image=\u00bb131055&#8243; overlay_color=\u00bbcolor-xsdn\u00bb overlay_alpha=\u00bb30&#8243; gutter_size=\u00bb3&#8243; column_width_percent=\u00bb100&#8243; shift_y=\u00bb0&#8243; z_index=\u00bb0&#8243; top_divider=\u00bbgradient\u00bb bottom_divider=\u00bbgradient\u00bb uncode_shortcode_id=\u00bb236478&#8243; back_color_type=\u00bbuncode-palette\u00bb overlay_color_type=\u00bbuncode-palette\u00bb][vc_column column_width_percent=\u00bb100&#8243; position_vertical=\u00bbmiddle\u00bb align_horizontal=\u00bbalign_center\u00bb gutter_size=\u00bb3&#8243; style=\u00bbdark\u00bb overlay_alpha=\u00bb50&#8243; shift_x=\u00bb0&#8243; shift_y=\u00bb0&#8243; shift_y_down=\u00bb0&#8243; z_index=\u00bb0&#8243; medium_width=\u00bb0&#8243; mobile_width=\u00bb0&#8243; width=\u00bb1\/1&#8243; uncode_shortcode_id=\u00bb810565&#8243;][vc_row_inner row_inner_height_percent=\u00bb0&#8243; overlay_alpha=\u00bb100&#8243; gutter_size=\u00bb4&#8243; shift_y=\u00bb0&#8243; z_index=\u00bb0&#8243; limit_content=\u00bb\u00bb uncode_shortcode_id=\u00bb100103&#8243;][vc_column_inner column_width_percent=\u00bb100&#8243; gutter_size=\u00bb2&#8243; style=\u00bbdark\u00bb overlay_alpha=\u00bb50&#8243; shift_x=\u00bb0&#8243; shift_y=\u00bb0&#8243; shift_y_down=\u00bb0&#8243; z_index=\u00bb0&#8243; medium_width=\u00bb4&#8243; mobile_visibility=\u00bbyes\u00bb mobile_width=\u00bb0&#8243; width=\u00bb1\/2&#8243;][vc_custom_heading text_color=\u00bbcolor-203558&#8243; text_font=\u00bbfont-594008&#8243; text_size=\u00bbfontsize-157437&#8243; text_weight=\u00bb400&#8243; text_space=\u00bbfontspace-210350&#8243; uncode_shortcode_id=\u00bb197956&#8243; text_color_type=\u00bbuncode-palette\u00bb]\u00c1REAS DE PR\u00c1CTICA[\/vc_custom_heading][\/vc_column_inner][vc_column_inner column_width_percent=\u00bb100&#8243; align_horizontal=\u00bbalign_right\u00bb gutter_size=\u00bb4&#8243; style=\u00bbdark\u00bb overlay_alpha=\u00bb50&#8243; shift_x=\u00bb0&#8243; shift_y=\u00bb0&#8243; shift_y_down=\u00bb0&#8243; z_index=\u00bb0&#8243; medium_width=\u00bb4&#8243; mobile_width=\u00bb0&#8243; width=\u00bb1\/2&#8243; uncode_shortcode_id=\u00bb107333&#8243;][vc_custom_heading auto_text=\u00bbyes\u00bb text_color=\u00bbcolor-203558&#8243; heading_semantic=\u00bbh1&#8243; text_size=\u00bbfontsize-165505&#8243; text_weight=\u00bb400&#8243; text_height=\u00bbfontheight-357766&#8243; uncode_shortcode_id=\u00bb155111&#8243; text_color_type=\u00bbuncode-palette\u00bb]Derecho Medioambiental[\/vc_custom_heading][vc_empty_space empty_h=\u00bb2&#8243; desktop_visibility=\u00bbyes\u00bb medium_visibility=\u00bbyes\u00bb][\/vc_column_inner][\/vc_row_inner][\/vc_column][\/vc_row][vc_row row_height_percent=\u00bb0&#8243; override_padding=\u00bbyes\u00bb h_padding=\u00bb2&#8243; top_padding=\u00bb4&#8243; bottom_padding=\u00bb4&#8243; overlay_alpha=\u00bb50&#8243; gutter_size=\u00bb3&#8243; column_width_percent=\u00bb90&#8243; shift_y=\u00bb0&#8243; z_index=\u00bb0&#8243; bottom_divider=\u00bbstep_3_4&#8243; uncode_shortcode_id=\u00bb179315&#8243;][vc_column column_width_percent=\u00bb100&#8243; gutter_size=\u00bb4&#8243; overlay_alpha=\u00bb50&#8243; shift_x=\u00bb0&#8243; shift_y=\u00bb0&#8243; shift_y_down=\u00bb0&#8243; z_index=\u00bb0&#8243; medium_width=\u00bb0&#8243; mobile_width=\u00bb0&#8243; width=\u00bb1\/1&#8243; uncode_shortcode_id=\u00bb180619&#8243;][vc_column_text uncode_shortcode_id=\u00bb188517&#8243;]En <strong>BERTRAND GALINDO BARRUETO BARROILHET &amp; CIA<\/strong>, nos destacamos en el \u00e1rea de Derecho Corporativo, Derecho Comercial y Fusiones y Adquisiciones (M&amp;A). Conformamos un equipo de expertos con vasta experiencia y especializaci\u00f3n en asesor\u00eda a empresas en transacciones comerciales, estrategias corporativas y procesos de M&amp;A. Ofrecemos servicios integrales que incluyen:[\/vc_column_text][\/vc_column][\/vc_row][vc_row row_height_percent=\u00bb0&#8243; override_padding=\u00bbyes\u00bb h_padding=\u00bb2&#8243; top_padding=\u00bb4&#8243; bottom_padding=\u00bb4&#8243; back_image=\u00bb131057&#8243; overlay_color=\u00bbcolor-xsdn\u00bb overlay_alpha=\u00bb35&#8243; gutter_size=\u00bb3&#8243; column_width_percent=\u00bb100&#8243; shift_y=\u00bb0&#8243; z_index=\u00bb0&#8243; uncode_shortcode_id=\u00bb146385&#8243; el_id=\u00bbservicios-areas\u00bb overlay_color_type=\u00bbuncode-palette\u00bb][vc_column width=\u00bb1\/3&#8243;][vc_icon position=\u00bbleft\u00bb icon=\u00bbfa fa-circle\u00bb icon_color=\u00bbcolor-203558&#8243; heading_semantic=\u00bbp\u00bb text_size=\u00bbfontsize-157437&#8243; uncode_shortcode_id=\u00bb165125&#8243; icon_color_type=\u00bbuncode-palette\u00bb]Asesor\u00eda legal en formaci\u00f3n, reestructuraci\u00f3n y disoluci\u00f3n de empresas, tanto a nivel nacional como internacional.[\/vc_icon][\/vc_column][vc_column width=\u00bb1\/3&#8243;][vc_icon position=\u00bbleft\u00bb icon=\u00bbfa fa-circle\u00bb icon_color=\u00bbcolor-203558&#8243; heading_semantic=\u00bbp\u00bb text_size=\u00bbfontsize-157437&#8243; uncode_shortcode_id=\u00bb137746&#8243; icon_color_type=\u00bbuncode-palette\u00bb]Desarrollo y negociaci\u00f3n de contratos comerciales complejos, salvaguardando los intereses legales y comerciales de nuestros clientes.[\/vc_icon][\/vc_column][vc_column width=\u00bb1\/3&#8243;][vc_icon position=\u00bbleft\u00bb icon=\u00bbfa fa-circle\u00bb icon_color=\u00bbcolor-203558&#8243; heading_semantic=\u00bbp\u00bb text_size=\u00bbfontsize-157437&#8243; uncode_shortcode_id=\u00bb168448&#8243; icon_color_type=\u00bbuncode-palette\u00bb]Manejo integral de procesos de fusiones y adquisiciones, incluyendo la realizaci\u00f3n de due diligence, evaluaci\u00f3n de riesgos, estructuraci\u00f3n de acuerdos, y asistencia en la negociaci\u00f3n y cierre de tratos.[\/vc_icon][\/vc_column][vc_column width=\u00bb1\/3&#8243;][vc_icon position=\u00bbleft\u00bb icon=\u00bbfa fa-circle\u00bb icon_color=\u00bbcolor-203558&#8243; heading_semantic=\u00bbp\u00bb text_size=\u00bbfontsize-157437&#8243; uncode_shortcode_id=\u00bb177173&#8243; icon_color_type=\u00bbuncode-palette\u00bb]Asesoramiento en cumplimiento normativo y regulatorio, asegurando que las operaciones comerciales y corporativas se alineen con las leyes vigentes.[\/vc_icon][\/vc_column][vc_column width=\u00bb1\/3&#8243;][vc_icon position=\u00bbleft\u00bb icon=\u00bbfa fa-circle\u00bb icon_color=\u00bbcolor-203558&#8243; heading_semantic=\u00bbp\u00bb text_size=\u00bbfontsize-157437&#8243; uncode_shortcode_id=\u00bb253663&#8243; icon_color_type=\u00bbuncode-palette\u00bb]Consultor\u00eda estrat\u00e9gica en inversiones, joint ventures y alianzas comerciales, optimizando las oportunidades de crecimiento y expansi\u00f3n de nuestros clientes.[\/vc_icon][\/vc_column][vc_column width=\u00bb1\/3&#8243;][vc_icon position=\u00bbleft\u00bb icon=\u00bbfa fa-circle\u00bb icon_color=\u00bbcolor-203558&#8243; heading_semantic=\u00bbp\u00bb text_size=\u00bbfontsize-157437&#8243; uncode_shortcode_id=\u00bb195794&#8243; icon_color_type=\u00bbuncode-palette\u00bb]Soporte legal en situaciones de litigio comercial, ofreciendo soluciones pr\u00e1cticas y eficientes para resolver disputas.[\/vc_icon][\/vc_column][\/vc_row][vc_row row_height_percent=\u00bb0&#8243; override_padding=\u00bbyes\u00bb h_padding=\u00bb2&#8243; top_padding=\u00bb4&#8243; bottom_padding=\u00bb4&#8243; overlay_alpha=\u00bb50&#8243; gutter_size=\u00bb3&#8243; column_width_percent=\u00bb100&#8243; shift_y=\u00bb0&#8243; z_index=\u00bb0&#8243; bottom_divider=\u00bbstep_3_4&#8243; uncode_shortcode_id=\u00bb194440&#8243; el_id=\u00bbsocio-area\u00bb][vc_column column_width_percent=\u00bb100&#8243; position_vertical=\u00bbmiddle\u00bb gutter_size=\u00bb4&#8243; overlay_alpha=\u00bb50&#8243; shift_x=\u00bb0&#8243; shift_y=\u00bb0&#8243; shift_y_down=\u00bb0&#8243; z_index=\u00bb0&#8243; medium_width=\u00bb0&#8243; mobile_width=\u00bb0&#8243; width=\u00bb1\/1&#8243; uncode_shortcode_id=\u00bb358817&#8243;][vc_custom_heading heading_semantic=\u00bbh6&#8243; text_font=\u00bbfont-594008&#8243; text_size=\u00bbfontsize-157437&#8243; text_weight=\u00bb400&#8243; text_transform=\u00bbuppercase\u00bb text_space=\u00bbfontspace-210350&#8243; uncode_shortcode_id=\u00bb160457&#8243; text_color_type=\u00bbuncode-solid\u00bb text_color_solid=\u00bb#878787&#8243;]CONTACTO[\/vc_custom_heading][uncode_index el_id=\u00bbindex-905568&#8243; loop=\u00bbsize:2|order_by:date|order:ASC|post_type:page|tax_query:150|taxonomy_count:10&#8243; screen_lg=\u00bb1000&#8243; screen_md=\u00bb600&#8243; screen_sm=\u00bb480&#8243; gutter_size=\u00bb3&#8243; page_items=\u00bbtitle,email,telefono,link|link|default_size|scale_mobile|+ LEER CV\u00bb single_overlay_opacity=\u00bb50&#8243; single_padding=\u00bb2&#8243; single_title_dimension=\u00bbfontsize-872644&#8243; uncode_shortcode_id=\u00bb928541&#8243; el_class=\u00bbsocio-a-cargo\u00bb][\/vc_column][\/vc_row][vc_row row_height_percent=\u00bb0&#8243; overlay_alpha=\u00bb50&#8243; equal_height=\u00bbyes\u00bb gutter_size=\u00bb3&#8243; column_width_percent=\u00bb100&#8243; shift_y=\u00bb0&#8243; z_index=\u00bb0&#8243; uncode_shortcode_id=\u00bb394828&#8243;][vc_column width=\u00bb1\/1&#8243;][vc_custom_heading heading_semantic=\u00bbh3&#8243; text_font=\u00bbfont-594008&#8243; text_size=\u00bbfontsize-157437&#8243; text_weight=\u00bb400&#8243; text_transform=\u00bbuppercase\u00bb text_space=\u00bbfontspace-210350&#8243; uncode_shortcode_id=\u00bb163953&#8243; text_color_type=\u00bbuncode-solid\u00bb text_color_solid=\u00bb#878787&#8243;]\u00c1REAS DE PR\u00c1CTICA RELACIONADAS[\/vc_custom_heading][vc_empty_space empty_h=\u00bb2&#8243;][\/vc_column][\/vc_row][vc_row row_height_percent=\u00bb0&#8243; overlay_alpha=\u00bb50&#8243; gutter_size=\u00bb3&#8243; column_width_percent=\u00bb100&#8243; shift_y=\u00bb0&#8243; z_index=\u00bb0&#8243; mobile_visibility=\u00bbyes\u00bb uncode_shortcode_id=\u00bb193345&#8243; el_id=\u00bbareas-practica\u00bb][vc_column width=\u00bb1\/1&#8243;][vc_row_inner row_inner_height_percent=\u00bb0&#8243; overlay_alpha=\u00bb50&#8243; equal_height=\u00bbyes\u00bb gutter_size=\u00bb4&#8243; shift_y=\u00bb0&#8243; z_index=\u00bb0&#8243; limit_content=\u00bb\u00bb uncode_shortcode_id=\u00bb174588&#8243;][vc_column_inner column_width_percent=\u00bb100&#8243; align_horizontal=\u00bbalign_center\u00bb gutter_size=\u00bb3&#8243; overlay_alpha=\u00bb50&#8243; shift_x=\u00bb0&#8243; shift_y=\u00bb0&#8243; shift_y_down=\u00bb0&#8243; z_index=\u00bb0&#8243; medium_width=\u00bb4&#8243; mobile_width=\u00bb0&#8243; width=\u00bb1\/4&#8243; uncode_shortcode_id=\u00bb268925&#8243;][vc_custom_heading text_size=\u00bbfontsize-157437&#8243; text_weight=\u00bb400&#8243; text_height=\u00bbfontheight-357766&#8243; uncode_shortcode_id=\u00bb157768&#8243;]Derecho Financiero y de Inversiones[\/vc_custom_heading][\/vc_column_inner][vc_column_inner column_width_percent=\u00bb100&#8243; align_horizontal=\u00bbalign_center\u00bb gutter_size=\u00bb3&#8243; overlay_alpha=\u00bb50&#8243; shift_x=\u00bb0&#8243; shift_y=\u00bb0&#8243; shift_y_down=\u00bb0&#8243; z_index=\u00bb0&#8243; medium_width=\u00bb2&#8243; mobile_width=\u00bb0&#8243; width=\u00bb1\/4&#8243; uncode_shortcode_id=\u00bb112484&#8243;][vc_custom_heading text_size=\u00bbfontsize-157437&#8243; text_weight=\u00bb400&#8243; text_height=\u00bbfontheight-357766&#8243; uncode_shortcode_id=\u00bb112625&#8243;]Derecho Laboral y Migratorio[\/vc_custom_heading][\/vc_column_inner][vc_column_inner column_width_percent=\u00bb100&#8243; align_horizontal=\u00bbalign_center\u00bb gutter_size=\u00bb3&#8243; overlay_alpha=\u00bb50&#8243; shift_x=\u00bb0&#8243; shift_y=\u00bb0&#8243; shift_y_down=\u00bb0&#8243; z_index=\u00bb0&#8243; medium_width=\u00bb0&#8243; mobile_width=\u00bb0&#8243; width=\u00bb1\/4&#8243; uncode_shortcode_id=\u00bb955737&#8243;][vc_custom_heading text_size=\u00bbfontsize-157437&#8243; text_weight=\u00bb400&#8243; text_height=\u00bbfontheight-357766&#8243; uncode_shortcode_id=\u00bb305391&#8243;]Derecho de la Ingenier\u00eda y la Construcci\u00f3n[\/vc_custom_heading][\/vc_column_inner][vc_column_inner column_width_percent=\u00bb100&#8243; align_horizontal=\u00bbalign_center\u00bb gutter_size=\u00bb3&#8243; overlay_alpha=\u00bb50&#8243; shift_x=\u00bb0&#8243; shift_y=\u00bb0&#8243; shift_y_down=\u00bb0&#8243; z_index=\u00bb0&#8243; medium_width=\u00bb2&#8243; mobile_width=\u00bb0&#8243; width=\u00bb1\/4&#8243; uncode_shortcode_id=\u00bb103011&#8243;][vc_custom_heading text_size=\u00bbfontsize-157437&#8243; text_weight=\u00bb400&#8243; text_height=\u00bbfontheight-357766&#8243; uncode_shortcode_id=\u00bb169890&#8243;]Comercio internacional, Inversi\u00f3n Extranjera y Derecho Internacional[\/vc_custom_heading][\/vc_column_inner][\/vc_row_inner][vc_row_inner row_inner_height_percent=\u00bb0&#8243; overlay_alpha=\u00bb50&#8243; equal_height=\u00bbyes\u00bb gutter_size=\u00bb4&#8243; shift_y=\u00bb0&#8243; z_index=\u00bb0&#8243; limit_content=\u00bb\u00bb uncode_shortcode_id=\u00bb174588&#8243;][vc_column_inner column_width_percent=\u00bb100&#8243; align_horizontal=\u00bbalign_center\u00bb gutter_size=\u00bb3&#8243; overlay_alpha=\u00bb50&#8243; shift_x=\u00bb0&#8243; shift_y=\u00bb0&#8243; shift_y_down=\u00bb0&#8243; z_index=\u00bb0&#8243; medium_width=\u00bb4&#8243; mobile_width=\u00bb0&#8243; width=\u00bb1\/4&#8243; uncode_shortcode_id=\u00bb724579&#8243; el_class=\u00bbgris\u00bb][vc_icon icon=\u00bbfa fa-plus2&#8243; background_style=\u00bbfa-rounded\u00bb outline=\u00bbyes\u00bb uncode_shortcode_id=\u00bb203907&#8243; link=\u00bburl:https%3A%2F%2Fbertrand-galindo.cl%2F2023%2Fderecho-financiero-y-de-inversiones%2F|title:Derecho%20Financiero%20y%20de%20Inversiones\u00bb][\/vc_icon][\/vc_column_inner][vc_column_inner column_width_percent=\u00bb100&#8243; align_horizontal=\u00bbalign_center\u00bb gutter_size=\u00bb3&#8243; overlay_alpha=\u00bb50&#8243; shift_x=\u00bb0&#8243; shift_y=\u00bb0&#8243; shift_y_down=\u00bb0&#8243; z_index=\u00bb0&#8243; medium_width=\u00bb2&#8243; mobile_width=\u00bb0&#8243; width=\u00bb1\/4&#8243; uncode_shortcode_id=\u00bb814633&#8243; el_class=\u00bbnegro\u00bb][vc_icon icon=\u00bbfa fa-plus2&#8243; background_style=\u00bbfa-rounded\u00bb outline=\u00bbyes\u00bb uncode_shortcode_id=\u00bb863498&#8243; link=\u00bburl:https%3A%2F%2Fbertrand-galindo.cl%2F2023%2Fderecho-laboral-y-migratorio%2F|title:Derecho%20Minero\u00bb][\/vc_icon][\/vc_column_inner][vc_column_inner column_width_percent=\u00bb100&#8243; align_horizontal=\u00bbalign_center\u00bb gutter_size=\u00bb3&#8243; overlay_alpha=\u00bb50&#8243; shift_x=\u00bb0&#8243; shift_y=\u00bb0&#8243; shift_y_down=\u00bb0&#8243; z_index=\u00bb0&#8243; medium_width=\u00bb2&#8243; mobile_width=\u00bb0&#8243; width=\u00bb1\/4&#8243; uncode_shortcode_id=\u00bb347466&#8243; el_class=\u00bbgris\u00bb][vc_icon icon=\u00bbfa fa-plus2&#8243; background_style=\u00bbfa-rounded\u00bb outline=\u00bbyes\u00bb uncode_shortcode_id=\u00bb174059&#8243; link=\u00bburl:https%3A%2F%2Fbertrand-galindo.cl%2F2023%2Fderecho-en-ingenieria-y-la-construccion%2F|title:Derecho%20en%20Ingenier%C3%ADa%20y%20la%20Construcci%C3%B3n\u00bb][\/vc_icon][\/vc_column_inner][vc_column_inner column_width_percent=\u00bb100&#8243; align_horizontal=\u00bbalign_center\u00bb gutter_size=\u00bb3&#8243; overlay_alpha=\u00bb50&#8243; shift_x=\u00bb0&#8243; shift_y=\u00bb0&#8243; shift_y_down=\u00bb0&#8243; z_index=\u00bb0&#8243; medium_width=\u00bb0&#8243; mobile_width=\u00bb0&#8243; width=\u00bb1\/4&#8243; uncode_shortcode_id=\u00bb879861&#8243; el_class=\u00bbrosado\u00bb][vc_icon icon=\u00bbfa fa-plus2&#8243; background_style=\u00bbfa-rounded\u00bb outline=\u00bbyes\u00bb uncode_shortcode_id=\u00bb141883&#8243; link=\u00bburl:https%3A%2F%2Fbertrand-galindo.cl%2F2023%2Fcomercio-internacional-e-inversion-extranjera%2F\u00bb][\/vc_icon][\/vc_column_inner][\/vc_row_inner][\/vc_column][\/vc_row][vc_row row_height_percent=\u00bb0&#8243; overlay_alpha=\u00bb50&#8243; equal_height=\u00bbyes\u00bb gutter_size=\u00bb4&#8243; column_width_percent=\u00bb100&#8243; shift_y=\u00bb0&#8243; z_index=\u00bb0&#8243; desktop_visibility=\u00bbyes\u00bb medium_visibility=\u00bbyes\u00bb uncode_shortcode_id=\u00bb493671&#8243;][vc_column column_width_percent=\u00bb100&#8243; align_horizontal=\u00bbalign_center\u00bb gutter_size=\u00bb3&#8243; overlay_alpha=\u00bb50&#8243; shift_x=\u00bb0&#8243; shift_y=\u00bb0&#8243; shift_y_down=\u00bb0&#8243; z_index=\u00bb0&#8243; medium_width=\u00bb0&#8243; mobile_width=\u00bb0&#8243; width=\u00bb1\/4&#8243; uncode_shortcode_id=\u00bb170255&#8243; el_class=\u00bbnegro\u00bb][vc_icon position=\u00bbbottom\u00bb icon=\u00bbfa fa-plus2&#8243; background_style=\u00bbfa-rounded\u00bb outline=\u00bbyes\u00bb heading_semantic=\u00bbh2&#8243; text_size=\u00bbfontsize-157437&#8243; text_weight=\u00bb300&#8243; text_lead=\u00bbyes\u00bb uncode_shortcode_id=\u00bb103953&#8243; link=\u00bburl:https%3A%2F%2Fbertrand-galindo.cl%2F2023%2Fderecho-financiero-y-de-inversiones%2F|title:Derecho%20Financiero%20y%20de%20Inversiones\u00bb title=\u00bbDerecho Financiero y de Inversiones\u00bb el_class=\u00bbnegro\u00bb][\/vc_icon][\/vc_column][vc_column column_width_percent=\u00bb100&#8243; align_horizontal=\u00bbalign_center\u00bb gutter_size=\u00bb3&#8243; overlay_alpha=\u00bb50&#8243; shift_x=\u00bb0&#8243; shift_y=\u00bb0&#8243; shift_y_down=\u00bb0&#8243; z_index=\u00bb0&#8243; medium_width=\u00bb0&#8243; mobile_width=\u00bb0&#8243; width=\u00bb1\/4&#8243; uncode_shortcode_id=\u00bb955988&#8243; el_class=\u00bbnegro\u00bb][vc_icon position=\u00bbbottom\u00bb icon=\u00bbfa fa-plus2&#8243; background_style=\u00bbfa-rounded\u00bb outline=\u00bbyes\u00bb heading_semantic=\u00bbh2&#8243; text_size=\u00bbfontsize-157437&#8243; text_weight=\u00bb300&#8243; text_lead=\u00bbyes\u00bb uncode_shortcode_id=\u00bb387370&#8243; link=\u00bburl:https%3A%2F%2Fbertrand-galindo.cl%2F2023%2Fderecho-laboral-y-migratorio%2F|title:Derecho%20Laboral%20y%20Migratorio\u00bb title=\u00bbDerecho Laboral y Migratorio\u00bb][\/vc_icon][\/vc_column][vc_column column_width_percent=\u00bb100&#8243; align_horizontal=\u00bbalign_center\u00bb gutter_size=\u00bb3&#8243; overlay_alpha=\u00bb50&#8243; shift_x=\u00bb0&#8243; shift_y=\u00bb0&#8243; shift_y_down=\u00bb0&#8243; z_index=\u00bb0&#8243; medium_width=\u00bb0&#8243; mobile_width=\u00bb0&#8243; width=\u00bb1\/4&#8243; uncode_shortcode_id=\u00bb142819&#8243; el_class=\u00bbgris\u00bb][vc_icon position=\u00bbbottom\u00bb icon=\u00bbfa fa-plus2&#8243; background_style=\u00bbfa-rounded\u00bb outline=\u00bbyes\u00bb heading_semantic=\u00bbh2&#8243; text_size=\u00bbfontsize-157437&#8243; text_weight=\u00bb300&#8243; text_lead=\u00bbyes\u00bb uncode_shortcode_id=\u00bb174263&#8243; link=\u00bburl:https%3A%2F%2Fbertrand-galindo.cl%2F2023%2Fderecho-en-ingenieria-y-la-construccion%2F|title:Derecho%20en%20Ingenier%C3%ADa%20y%20la%20Construcci%C3%B3n\u00bb title=\u00bbDerecho de la Ingenier\u00eda y la Construcci\u00f3n\u00bb][\/vc_icon][\/vc_column][vc_column column_width_percent=\u00bb100&#8243; align_horizontal=\u00bbalign_center\u00bb gutter_size=\u00bb3&#8243; overlay_alpha=\u00bb50&#8243; shift_x=\u00bb0&#8243; shift_y=\u00bb0&#8243; shift_y_down=\u00bb0&#8243; z_index=\u00bb0&#8243; medium_width=\u00bb0&#8243; mobile_width=\u00bb0&#8243; width=\u00bb1\/4&#8243; uncode_shortcode_id=\u00bb248461&#8243; el_class=\u00bbrosado\u00bb][vc_icon position=\u00bbbottom\u00bb icon=\u00bbfa fa-plus2&#8243; background_style=\u00bbfa-rounded\u00bb outline=\u00bbyes\u00bb heading_semantic=\u00bbh2&#8243; text_size=\u00bbfontsize-157437&#8243; text_weight=\u00bb300&#8243; text_lead=\u00bbyes\u00bb uncode_shortcode_id=\u00bb193130&#8243; link=\u00bburl:https%3A%2F%2Fbertrand-galindo.cl%2F2023%2Fcomercio-internacional-e-inversion-extranjera%2F|title:Comercio%20internacional%2C%20Inversi%C3%B3n%20Extranjera%20y%20Derecho%20Internacional\u00bb title=\u00bbComercio Internacional e Inversi\u00f3n Extranjera\u00bb][\/vc_icon][\/vc_column][\/vc_row][vc_row row_height_percent=\u00bb0&#8243; override_padding=\u00bbyes\u00bb h_padding=\u00bb2&#8243; top_padding=\u00bb3&#8243; bottom_padding=\u00bb3&#8243; overlay_alpha=\u00bb50&#8243; gutter_size=\u00bb3&#8243; column_width_percent=\u00bb100&#8243; shift_y=\u00bb0&#8243; z_index=\u00bb3&#8243; top_divider=\u00bbstep_2_3&#8243; bottom_divider=\u00bbstep_2_3&#8243; desktop_visibility=\u00bbyes\u00bb medium_visibility=\u00bbyes\u00bb mobile_visibility=\u00bbyes\u00bb uncode_shortcode_id=\u00bb505575&#8243; back_color_type=\u00bbuncode-solid\u00bb back_color_solid=\u00bbrgba(218,218,218,0.2)\u00bb css=\u00bb.vc_custom_1722371559810{margin-top: 40px !important;}\u00bb][vc_column column_width_percent=\u00bb100&#8243; gutter_size=\u00bb4&#8243; overlay_alpha=\u00bb50&#8243; shift_x=\u00bb0&#8243; shift_y=\u00bb0&#8243; shift_y_down=\u00bb0&#8243; z_index=\u00bb0&#8243; medium_width=\u00bb0&#8243; mobile_width=\u00bb0&#8243; width=\u00bb1\/1&#8243; uncode_shortcode_id=\u00bb423715&#8243;][vc_row_inner limit_content=\u00bb\u00bb][vc_column_inner width=\u00bb1\/1&#8243;][vc_custom_heading heading_semantic=\u00bbh6&#8243; text_font=\u00bbfont-594008&#8243; text_size=\u00bbfontsize-157437&#8243; text_weight=\u00bb400&#8243; text_transform=\u00bbuppercase\u00bb text_space=\u00bbfontspace-210350&#8243; uncode_shortcode_id=\u00bb221917&#8243;]BLOG[\/vc_custom_heading][\/vc_column_inner][\/vc_row_inner][vc_row_inner row_inner_height_percent=\u00bb0&#8243; overlay_alpha=\u00bb50&#8243; gutter_size=\u00bb4&#8243; shift_y=\u00bb0&#8243; z_index=\u00bb0&#8243; limit_content=\u00bb\u00bb][vc_column_inner column_width_percent=\u00bb100&#8243; gutter_size=\u00bb2&#8243; font_family=\u00bbfont-175345&#8243; overlay_alpha=\u00bb50&#8243; shift_x=\u00bb0&#8243; shift_y=\u00bb0&#8243; shift_y_down=\u00bb0&#8243; z_index=\u00bb0&#8243; medium_width=\u00bb0&#8243; mobile_width=\u00bb0&#8243; width=\u00bb1\/1&#8243;][vc_custom_heading text_color=\u00bbaccent\u00bb text_size=\u00bbfontsize-155944&#8243; text_weight=\u00bb400&#8243; uncode_shortcode_id=\u00bb488373&#8243; text_color_type=\u00bbuncode-palette\u00bb]Publicaciones relacionadas[\/vc_custom_heading][uncode_index el_id=\u00bbindex-131812&#8243; loop=\u00bbsize:3|order_by:date|post_type:post|taxonomy_count:10&#8243; screen_lg=\u00bb600&#8243; screen_md=\u00bb600&#8243; screen_sm=\u00bb480&#8243; gutter_size=\u00bb4&#8243; post_items=\u00bbtitle,text|excerpt|100,spacer|half,link|link|default_size|scale_mobile|+ Informaci\u00f3n\u00bb single_overlay_opacity=\u00bb50&#8243; single_padding=\u00bb2&#8243; single_title_family=\u00bbfont-151052&#8243; single_title_dimension=\u00bbh4&#8243; single_title_weight=\u00bb400&#8243; single_title_height=\u00bbfontheight-357766&#8243; single_text_lead=\u00bbyes\u00bb uncode_shortcode_id=\u00bb190114&#8243;][\/vc_column_inner][\/vc_row_inner][\/vc_column][\/vc_row]<\/p>\n<\/div>","protected":false},"excerpt":{"rendered":"<p>[vc_row row_height_percent=\u00bb50&#8243; override_padding=\u00bbyes\u00bb h_padding=\u00bb2&#8243; top_padding=\u00bb5&#8243; bottom_padding=\u00bb5&#8243; back_color=\u00bbaccent\u00bb back_image=\u00bb131055&#8243; overlay_color=\u00bbcolor-xsdn\u00bb overlay_alpha=\u00bb30&#8243; gutter_size=\u00bb3&#8243; column_width_percent=\u00bb100&#8243; shift_y=\u00bb0&#8243; z_index=\u00bb0&#8243; top_divider=\u00bbgradient\u00bb bottom_divider=\u00bbgradient\u00bb uncode_shortcode_id=\u00bb236478&#8243; back_color_type=\u00bbuncode-palette\u00bb overlay_color_type=\u00bbuncode-palette\u00bb][vc_column column_width_percent=\u00bb100&#8243; [&hellip;]<\/p>\n","protected":false},"author":1,"featured_media":0,"parent":0,"menu_order":0,"comment_status":"closed","ping_status":"closed","template":"","meta":{"footnotes":""},"class_list":["post-131052","page","type-page","status-publish","hentry"],"_links":{"self":[{"href":"https:\/\/www.bertrand-galindo.cl\/2023\/wp-json\/wp\/v2\/pages\/131052","targetHints":{"allow":["GET"]}}],"collection":[{"href":"https:\/\/www.bertrand-galindo.cl\/2023\/wp-json\/wp\/v2\/pages"}],"about":[{"href":"https:\/\/www.bertrand-galindo.cl\/2023\/wp-json\/wp\/v2\/types\/page"}],"author":[{"embeddable":true,"href":"https:\/\/www.bertrand-galindo.cl\/2023\/wp-json\/wp\/v2\/users\/1"}],"replies":[{"embeddable":true,"href":"https:\/\/www.bertrand-galindo.cl\/2023\/wp-json\/wp\/v2\/comments?post=131052"}],"version-history":[{"count":19,"href":"https:\/\/www.bertrand-galindo.cl\/2023\/wp-json\/wp\/v2\/pages\/131052\/revisions"}],"predecessor-version":[{"id":131967,"href":"https:\/\/www.bertrand-galindo.cl\/2023\/wp-json\/wp\/v2\/pages\/131052\/revisions\/131967"}],"wp:attachment":[{"href":"https:\/\/www.bertrand-galindo.cl\/2023\/wp-json\/wp\/v2\/media?parent=131052"}],"curies":[{"name":"wp","href":"https:\/\/api.w.org\/{rel}","templated":true}]}}