{"id":131102,"date":"2024-05-31T14:23:59","date_gmt":"2024-05-31T14:23:59","guid":{"rendered":"https:\/\/bertrand-galindo.cl\/2023\/?page_id=131102"},"modified":"2024-09-21T01:04:21","modified_gmt":"2024-09-21T01:04:21","slug":"derecho-tributario","status":"publish","type":"page","link":"https:\/\/www.bertrand-galindo.cl\/2023\/derecho-tributario\/","title":{"rendered":"Derecho Tributario"},"content":{"rendered":"<div class=\"wpb-content-wrapper\"><p>[vc_row row_height_percent=\u00bb50&#8243; override_padding=\u00bbyes\u00bb h_padding=\u00bb2&#8243; top_padding=\u00bb5&#8243; bottom_padding=\u00bb5&#8243; back_color=\u00bbaccent\u00bb back_image=\u00bb131035&#8243; overlay_color=\u00bbcolor-xsdn\u00bb overlay_alpha=\u00bb30&#8243; gutter_size=\u00bb3&#8243; column_width_percent=\u00bb100&#8243; shift_y=\u00bb0&#8243; z_index=\u00bb0&#8243; top_divider=\u00bbgradient\u00bb bottom_divider=\u00bbgradient\u00bb uncode_shortcode_id=\u00bb171892&#8243; back_color_type=\u00bbuncode-palette\u00bb overlay_color_type=\u00bbuncode-palette\u00bb][vc_column column_width_percent=\u00bb100&#8243; position_vertical=\u00bbmiddle\u00bb align_horizontal=\u00bbalign_center\u00bb gutter_size=\u00bb3&#8243; style=\u00bbdark\u00bb overlay_alpha=\u00bb50&#8243; shift_x=\u00bb0&#8243; shift_y=\u00bb0&#8243; shift_y_down=\u00bb0&#8243; z_index=\u00bb0&#8243; medium_width=\u00bb0&#8243; mobile_width=\u00bb0&#8243; width=\u00bb1\/1&#8243; uncode_shortcode_id=\u00bb810565&#8243;][vc_row_inner row_inner_height_percent=\u00bb0&#8243; overlay_alpha=\u00bb100&#8243; gutter_size=\u00bb4&#8243; shift_y=\u00bb0&#8243; z_index=\u00bb0&#8243; limit_content=\u00bb\u00bb uncode_shortcode_id=\u00bb100103&#8243;][vc_column_inner column_width_percent=\u00bb100&#8243; gutter_size=\u00bb2&#8243; style=\u00bbdark\u00bb overlay_alpha=\u00bb50&#8243; shift_x=\u00bb0&#8243; shift_y=\u00bb0&#8243; shift_y_down=\u00bb0&#8243; z_index=\u00bb0&#8243; medium_width=\u00bb4&#8243; mobile_visibility=\u00bbyes\u00bb mobile_width=\u00bb0&#8243; width=\u00bb1\/2&#8243;][vc_custom_heading text_color=\u00bbcolor-203558&#8243; text_font=\u00bbfont-594008&#8243; text_size=\u00bbfontsize-157437&#8243; text_weight=\u00bb400&#8243; text_space=\u00bbfontspace-210350&#8243; uncode_shortcode_id=\u00bb197956&#8243; text_color_type=\u00bbuncode-palette\u00bb]\u00c1REAS DE PR\u00c1CTICA[\/vc_custom_heading][\/vc_column_inner][vc_column_inner column_width_percent=\u00bb100&#8243; align_horizontal=\u00bbalign_right\u00bb gutter_size=\u00bb4&#8243; style=\u00bbdark\u00bb overlay_alpha=\u00bb50&#8243; shift_x=\u00bb0&#8243; shift_y=\u00bb0&#8243; shift_y_down=\u00bb0&#8243; z_index=\u00bb0&#8243; medium_width=\u00bb4&#8243; mobile_width=\u00bb0&#8243; width=\u00bb1\/2&#8243; uncode_shortcode_id=\u00bb107333&#8243;][vc_custom_heading auto_text=\u00bbyes\u00bb text_color=\u00bbcolor-203558&#8243; heading_semantic=\u00bbh1&#8243; text_size=\u00bbfontsize-165505&#8243; text_weight=\u00bb400&#8243; text_height=\u00bbfontheight-357766&#8243; uncode_shortcode_id=\u00bb155111&#8243; text_color_type=\u00bbuncode-palette\u00bb]Derecho Medioambiental[\/vc_custom_heading][vc_empty_space empty_h=\u00bb2&#8243; desktop_visibility=\u00bbyes\u00bb medium_visibility=\u00bbyes\u00bb][\/vc_column_inner][\/vc_row_inner][\/vc_column][\/vc_row][vc_row row_height_percent=\u00bb0&#8243; override_padding=\u00bbyes\u00bb h_padding=\u00bb2&#8243; top_padding=\u00bb4&#8243; bottom_padding=\u00bb4&#8243; overlay_alpha=\u00bb50&#8243; gutter_size=\u00bb3&#8243; column_width_percent=\u00bb90&#8243; shift_y=\u00bb0&#8243; z_index=\u00bb0&#8243; bottom_divider=\u00bbstep_3_4&#8243; uncode_shortcode_id=\u00bb179315&#8243;][vc_column column_width_percent=\u00bb100&#8243; gutter_size=\u00bb4&#8243; overlay_alpha=\u00bb50&#8243; shift_x=\u00bb0&#8243; shift_y=\u00bb0&#8243; shift_y_down=\u00bb0&#8243; z_index=\u00bb0&#8243; medium_width=\u00bb0&#8243; mobile_width=\u00bb0&#8243; width=\u00bb1\/1&#8243; uncode_shortcode_id=\u00bb180619&#8243;][vc_column_text uncode_shortcode_id=\u00bb844216&#8243;]En <strong>BERTRAND GALINDO BARRUETO BARROILHET &amp; CIA<\/strong> somos reconocidos por nuestra excelencia en el \u00e1rea de Derecho Tributario en Chile, brindando asesoramiento legal integral y estrat\u00e9gico a empresas, inversionistas y personas naturales en todos los aspectos relacionados con el sistema tributario nacional. Nuestro equipo de abogados especializados en tributaci\u00f3n cuenta con una profunda experiencia y conocimiento en la materia, lo que nos permite ofrecer soluciones jur\u00eddicas efectivas y adaptadas a las necesidades espec\u00edficas de cada cliente. Nuestros servicios en esta \u00e1rea incluyen:[\/vc_column_text][\/vc_column][\/vc_row][vc_row row_height_percent=\u00bb0&#8243; override_padding=\u00bbyes\u00bb h_padding=\u00bb2&#8243; top_padding=\u00bb4&#8243; bottom_padding=\u00bb4&#8243; back_image=\u00bb131036&#8243; overlay_color=\u00bbcolor-xsdn\u00bb overlay_alpha=\u00bb35&#8243; gutter_size=\u00bb3&#8243; column_width_percent=\u00bb100&#8243; shift_y=\u00bb0&#8243; z_index=\u00bb0&#8243; uncode_shortcode_id=\u00bb131410&#8243; el_id=\u00bbservicios-areas\u00bb overlay_color_type=\u00bbuncode-palette\u00bb][vc_column width=\u00bb1\/3&#8243;][vc_icon position=\u00bbleft\u00bb icon=\u00bbfa fa-circle\u00bb icon_color=\u00bbcolor-203558&#8243; heading_semantic=\u00bbp\u00bb text_size=\u00bbfontsize-157437&#8243; uncode_shortcode_id=\u00bb157045&#8243; icon_color_type=\u00bbuncode-palette\u00bb]Asesor\u00eda en la planificaci\u00f3n fiscal y estructuraci\u00f3n de operaciones empresariales, con el objetivo de optimizar la carga tributaria y cumplir con las obligaciones fiscales de manera eficiente y en cumplimiento con la normativa vigente.[\/vc_icon][\/vc_column][vc_column width=\u00bb1\/3&#8243;][vc_icon position=\u00bbleft\u00bb icon=\u00bbfa fa-circle\u00bb icon_color=\u00bbcolor-203558&#8243; heading_semantic=\u00bbp\u00bb text_size=\u00bbfontsize-157437&#8243; uncode_shortcode_id=\u00bb422865&#8243; icon_color_type=\u00bbuncode-palette\u00bb]An\u00e1lisis y gesti\u00f3n de riesgos fiscales, identificando posibles contingencias tributarias y dise\u00f1ando estrategias para mitigar riesgos y resolver disputas con las autoridades fiscales en caso de controversias.[\/vc_icon][\/vc_column][vc_column width=\u00bb1\/3&#8243;][vc_icon position=\u00bbleft\u00bb icon=\u00bbfa fa-circle\u00bb icon_color=\u00bbcolor-203558&#8243; heading_semantic=\u00bbp\u00bb text_size=\u00bbfontsize-157437&#8243; uncode_shortcode_id=\u00bb365000&#8243; icon_color_type=\u00bbuncode-palette\u00bb]Representaci\u00f3n ante el Servicio de Impuestos Internos (SII) en procesos de fiscalizaci\u00f3n y auditor\u00eda tributaria, defendiendo los intereses de nuestros clientes y asegurando el cumplimiento de sus derechos y obligaciones fiscales.[\/vc_icon][\/vc_column][vc_column width=\u00bb1\/3&#8243;][vc_icon position=\u00bbleft\u00bb icon=\u00bbfa fa-circle\u00bb icon_color=\u00bbcolor-203558&#8243; heading_semantic=\u00bbp\u00bb text_size=\u00bbfontsize-157437&#8243; uncode_shortcode_id=\u00bb173440&#8243; icon_color_type=\u00bbuncode-palette\u00bb]Asesoramiento en operaciones de reestructuraci\u00f3n empresarial, fusiones y adquisiciones, con el fin de minimizar el impacto tributario y garantizar la adecuada aplicaci\u00f3n de beneficios e incentivos fiscales disponibles.[\/vc_icon][\/vc_column][vc_column width=\u00bb1\/3&#8243;][vc_icon position=\u00bbleft\u00bb icon=\u00bbfa fa-circle\u00bb icon_color=\u00bbcolor-203558&#8243; heading_semantic=\u00bbp\u00bb text_size=\u00bbfontsize-157437&#8243; uncode_shortcode_id=\u00bb199446&#8243; icon_color_type=\u00bbuncode-palette\u00bb]Asistencia en la obtenci\u00f3n de beneficios tributarios y exenciones fiscales disponibles en el marco de la legislaci\u00f3n chilena, incluyendo reg\u00edmenes especiales para empresas y sectores espec\u00edficos de la econom\u00eda.[\/vc_icon][\/vc_column][vc_column width=\u00bb1\/3&#8243;][vc_icon position=\u00bbleft\u00bb icon=\u00bbfa fa-circle\u00bb icon_color=\u00bbcolor-203558&#8243; heading_semantic=\u00bbp\u00bb text_size=\u00bbfontsize-157437&#8243; uncode_shortcode_id=\u00bb653552&#8243; icon_color_type=\u00bbuncode-palette\u00bb]Asesor\u00eda en la elaboraci\u00f3n y presentaci\u00f3n de declaraciones de impuestos, as\u00ed como en el cumplimiento de obligaciones formales y procedimientos tributarios ante las autoridades fiscales.[\/vc_icon][\/vc_column][\/vc_row][vc_row row_height_percent=\u00bb0&#8243; override_padding=\u00bbyes\u00bb h_padding=\u00bb2&#8243; top_padding=\u00bb4&#8243; bottom_padding=\u00bb4&#8243; overlay_alpha=\u00bb50&#8243; gutter_size=\u00bb3&#8243; column_width_percent=\u00bb100&#8243; shift_y=\u00bb0&#8243; z_index=\u00bb0&#8243; bottom_divider=\u00bbstep_3_4&#8243; uncode_shortcode_id=\u00bb194440&#8243; el_id=\u00bbsocio-area\u00bb][vc_column column_width_percent=\u00bb100&#8243; position_vertical=\u00bbmiddle\u00bb gutter_size=\u00bb4&#8243; overlay_alpha=\u00bb50&#8243; shift_x=\u00bb0&#8243; shift_y=\u00bb0&#8243; shift_y_down=\u00bb0&#8243; z_index=\u00bb0&#8243; medium_width=\u00bb0&#8243; mobile_width=\u00bb0&#8243; width=\u00bb1\/1&#8243; uncode_shortcode_id=\u00bb358817&#8243;][vc_custom_heading heading_semantic=\u00bbh6&#8243; text_font=\u00bbfont-594008&#8243; text_size=\u00bbfontsize-157437&#8243; text_weight=\u00bb400&#8243; text_transform=\u00bbuppercase\u00bb text_space=\u00bbfontspace-210350&#8243; uncode_shortcode_id=\u00bb189508&#8243; text_color_type=\u00bbuncode-solid\u00bb text_color_solid=\u00bb#878787&#8243;]CONTACTO[\/vc_custom_heading][uncode_index el_id=\u00bbindex-905568&#8243; loop=\u00bbsize:1|order_by:date|order:ASC|post_type:page|tax_query:158|taxonomy_count:10&#8243; screen_lg=\u00bb1000&#8243; screen_md=\u00bb600&#8243; screen_sm=\u00bb480&#8243; gutter_size=\u00bb3&#8243; page_items=\u00bbtitle,email,telefono,icon|lg,link|link|default_size|scale_mobile|+ LEER CV\u00bb single_overlay_opacity=\u00bb50&#8243; single_padding=\u00bb2&#8243; single_title_dimension=\u00bbfontsize-872644&#8243; uncode_shortcode_id=\u00bb102303&#8243; el_class=\u00bbsocio-a-cargo\u00bb][\/vc_column][\/vc_row][vc_row row_height_percent=\u00bb0&#8243; overlay_alpha=\u00bb50&#8243; equal_height=\u00bbyes\u00bb gutter_size=\u00bb3&#8243; column_width_percent=\u00bb100&#8243; shift_y=\u00bb0&#8243; z_index=\u00bb0&#8243; uncode_shortcode_id=\u00bb394828&#8243;][vc_column width=\u00bb1\/1&#8243;][vc_custom_heading heading_semantic=\u00bbh3&#8243; text_font=\u00bbfont-594008&#8243; text_size=\u00bbfontsize-157437&#8243; text_weight=\u00bb400&#8243; text_transform=\u00bbuppercase\u00bb text_space=\u00bbfontspace-210350&#8243; uncode_shortcode_id=\u00bb163953&#8243; text_color_type=\u00bbuncode-solid\u00bb text_color_solid=\u00bb#878787&#8243;]\u00c1REAS DE PR\u00c1CTICA RELACIONADAS[\/vc_custom_heading][vc_empty_space empty_h=\u00bb2&#8243;][\/vc_column][\/vc_row][vc_row row_height_percent=\u00bb0&#8243; overlay_alpha=\u00bb50&#8243; equal_height=\u00bbyes\u00bb gutter_size=\u00bb4&#8243; column_width_percent=\u00bb100&#8243; shift_y=\u00bb0&#8243; z_index=\u00bb0&#8243; desktop_visibility=\u00bbyes\u00bb uncode_shortcode_id=\u00bb154303&#8243; el_id=\u00bbareas-relacionadas\u00bb shape_dividers=\u00bb\u00bb][vc_column column_width_percent=\u00bb100&#8243; align_horizontal=\u00bbalign_center\u00bb gutter_size=\u00bb3&#8243; overlay_alpha=\u00bb50&#8243; shift_x=\u00bb0&#8243; shift_y=\u00bb0&#8243; shift_y_down=\u00bb0&#8243; z_index=\u00bb0&#8243; medium_width=\u00bb0&#8243; mobile_width=\u00bb0&#8243; width=\u00bb1\/4&#8243; uncode_shortcode_id=\u00bb125420&#8243;][vc_icon position=\u00bbbottom\u00bb icon=\u00bbfa fa-plus2&#8243; background_style=\u00bbfa-rounded\u00bb outline=\u00bbyes\u00bb heading_semantic=\u00bbh2&#8243; text_size=\u00bbfontsize-157437&#8243; text_weight=\u00bb300&#8243; text_lead=\u00bbyes\u00bb uncode_shortcode_id=\u00bb179752&#8243; link=\u00bburl:https%3A%2F%2Fbertrand-galindo.cl%2F2023%2Fderecho-corporativo-derecho-comercial-y-ma%2F|title:Derecho%20Corporativo%2C%20%20Derecho%20Comercial%20y%20M%26A\u00bb title=\u00bbDerecho Corporativo, Derecho Comercial y M&amp;A\u00bb][\/vc_icon][\/vc_column][vc_column column_width_percent=\u00bb100&#8243; align_horizontal=\u00bbalign_center\u00bb gutter_size=\u00bb3&#8243; overlay_alpha=\u00bb50&#8243; shift_x=\u00bb0&#8243; shift_y=\u00bb0&#8243; shift_y_down=\u00bb0&#8243; z_index=\u00bb0&#8243; medium_width=\u00bb0&#8243; mobile_width=\u00bb0&#8243; width=\u00bb1\/4&#8243; uncode_shortcode_id=\u00bb106693&#8243;][vc_icon position=\u00bbbottom\u00bb icon=\u00bbfa fa-plus2&#8243; background_style=\u00bbfa-rounded\u00bb outline=\u00bbyes\u00bb heading_semantic=\u00bbh2&#8243; text_size=\u00bbfontsize-157437&#8243; text_weight=\u00bb300&#8243; text_lead=\u00bbyes\u00bb uncode_shortcode_id=\u00bb846714&#8243; link=\u00bburl:https%3A%2F%2Fbertrand-galindo.cl%2F2023%2Fderecho-financiero-y-de-inversiones%2F|title:Derecho%20Financiero%20y%20de%20Inversiones\u00bb title=\u00bbDerecho Financiero y de Inversiones\u00bb][\/vc_icon][\/vc_column][vc_column column_width_percent=\u00bb100&#8243; align_horizontal=\u00bbalign_center\u00bb gutter_size=\u00bb3&#8243; overlay_alpha=\u00bb50&#8243; shift_x=\u00bb0&#8243; shift_y=\u00bb0&#8243; shift_y_down=\u00bb0&#8243; z_index=\u00bb0&#8243; medium_width=\u00bb0&#8243; mobile_width=\u00bb0&#8243; width=\u00bb1\/4&#8243; uncode_shortcode_id=\u00bb135641&#8243;][vc_icon position=\u00bbbottom\u00bb icon=\u00bbfa fa-plus2&#8243; background_style=\u00bbfa-rounded\u00bb outline=\u00bbyes\u00bb heading_semantic=\u00bbh2&#8243; text_size=\u00bbfontsize-157437&#8243; text_weight=\u00bb300&#8243; text_lead=\u00bbyes\u00bb uncode_shortcode_id=\u00bb886125&#8243; link=\u00bburl:https%3A%2F%2Fbertrand-galindo.cl%2F2023%2Fcomercio-internacional-e-inversion-extranjera%2F|title:Comercio%20internacional%2C%20Inversi%C3%B3n%20Extranjera%20y%20Derecho%20Internacional\u00bb title=\u00bbComercio internacional, Inversi\u00f3n Extranjera y Derecho Internacional\u00bb][\/vc_icon][\/vc_column][vc_column column_width_percent=\u00bb100&#8243; align_horizontal=\u00bbalign_center\u00bb gutter_size=\u00bb3&#8243; overlay_alpha=\u00bb50&#8243; shift_x=\u00bb0&#8243; shift_y=\u00bb0&#8243; shift_y_down=\u00bb0&#8243; z_index=\u00bb0&#8243; medium_width=\u00bb0&#8243; mobile_width=\u00bb0&#8243; width=\u00bb1\/4&#8243; uncode_shortcode_id=\u00bb191343&#8243;][vc_icon position=\u00bbbottom\u00bb icon=\u00bbfa fa-plus2&#8243; background_style=\u00bbfa-rounded\u00bb outline=\u00bbyes\u00bb heading_semantic=\u00bbh2&#8243; text_size=\u00bbfontsize-157437&#8243; text_weight=\u00bb300&#8243; text_lead=\u00bbyes\u00bb uncode_shortcode_id=\u00bb181628&#8243; link=\u00bburl:https%3A%2F%2Fbertrand-galindo.cl%2F2023%2Fresolucion-de-litigios-y-arbitraje%2F|title:Resoluci%C3%B3n%20de%20Litigios%20y%20Arbitraje\u00bb title=\u00bbResoluci\u00f3n de Litigios y Arbitraje\u00bb][\/vc_icon][\/vc_column][\/vc_row][vc_row row_height_percent=\u00bb0&#8243; overlay_alpha=\u00bb50&#8243; gutter_size=\u00bb3&#8243; column_width_percent=\u00bb100&#8243; shift_y=\u00bb0&#8243; z_index=\u00bb0&#8243; medium_visibility=\u00bbyes\u00bb mobile_visibility=\u00bbyes\u00bb uncode_shortcode_id=\u00bb125467&#8243; shape_dividers=\u00bb\u00bb][vc_column column_width_percent=\u00bb100&#8243; gutter_size=\u00bb3&#8243; override_padding=\u00bbyes\u00bb column_padding=\u00bb0&#8243; overlay_alpha=\u00bb50&#8243; shift_x=\u00bb0&#8243; shift_y=\u00bb0&#8243; shift_y_down=\u00bb0&#8243; z_index=\u00bb0&#8243; medium_width=\u00bb0&#8243; mobile_width=\u00bb0&#8243; width=\u00bb1\/1&#8243; uncode_shortcode_id=\u00bb114764&#8243; css=\u00bb.vc_custom_1726262527536{padding-top: 0px !important;}\u00bb][vc_row_inner row_inner_height_percent=\u00bb0&#8243; overlay_alpha=\u00bb50&#8243; equal_height=\u00bbyes\u00bb gutter_size=\u00bb4&#8243; shift_y=\u00bb0&#8243; z_index=\u00bb0&#8243; limit_content=\u00bb\u00bb uncode_shortcode_id=\u00bb174588&#8243;][vc_column_inner column_width_percent=\u00bb100&#8243; align_horizontal=\u00bbalign_center\u00bb gutter_size=\u00bb3&#8243; overlay_alpha=\u00bb50&#8243; shift_x=\u00bb0&#8243; shift_y=\u00bb0&#8243; shift_y_down=\u00bb0&#8243; z_index=\u00bb0&#8243; medium_width=\u00bb4&#8243; mobile_width=\u00bb0&#8243; width=\u00bb1\/4&#8243; uncode_shortcode_id=\u00bb268925&#8243;][vc_custom_heading text_size=\u00bbfontsize-157437&#8243; text_weight=\u00bb400&#8243; text_height=\u00bbfontheight-357766&#8243; uncode_shortcode_id=\u00bb193004&#8243;]Corporativo, Derecho Comercial y M&amp;A[\/vc_custom_heading][\/vc_column_inner][vc_column_inner column_width_percent=\u00bb100&#8243; align_horizontal=\u00bbalign_center\u00bb gutter_size=\u00bb3&#8243; overlay_alpha=\u00bb50&#8243; shift_x=\u00bb0&#8243; shift_y=\u00bb0&#8243; shift_y_down=\u00bb0&#8243; z_index=\u00bb0&#8243; medium_width=\u00bb2&#8243; mobile_width=\u00bb0&#8243; width=\u00bb1\/4&#8243; uncode_shortcode_id=\u00bb112484&#8243;][vc_custom_heading text_size=\u00bbfontsize-157437&#8243; text_weight=\u00bb400&#8243; text_height=\u00bbfontheight-357766&#8243; uncode_shortcode_id=\u00bb738671&#8243;]Derecho Financiero y de Inversiones[\/vc_custom_heading][\/vc_column_inner][vc_column_inner column_width_percent=\u00bb100&#8243; align_horizontal=\u00bbalign_center\u00bb gutter_size=\u00bb3&#8243; overlay_alpha=\u00bb50&#8243; shift_x=\u00bb0&#8243; shift_y=\u00bb0&#8243; shift_y_down=\u00bb0&#8243; z_index=\u00bb0&#8243; medium_width=\u00bb2&#8243; mobile_width=\u00bb0&#8243; width=\u00bb1\/4&#8243; uncode_shortcode_id=\u00bb103011&#8243;][vc_custom_heading text_size=\u00bbfontsize-157437&#8243; text_weight=\u00bb400&#8243; text_height=\u00bbfontheight-357766&#8243; uncode_shortcode_id=\u00bb191552&#8243;]Comercio internacional, Inversi\u00f3n Extranjera y Derecho Internacional[\/vc_custom_heading][\/vc_column_inner][vc_column_inner column_width_percent=\u00bb100&#8243; align_horizontal=\u00bbalign_center\u00bb gutter_size=\u00bb3&#8243; overlay_alpha=\u00bb50&#8243; shift_x=\u00bb0&#8243; shift_y=\u00bb0&#8243; shift_y_down=\u00bb0&#8243; z_index=\u00bb0&#8243; medium_width=\u00bb0&#8243; mobile_width=\u00bb0&#8243; width=\u00bb1\/4&#8243; uncode_shortcode_id=\u00bb955737&#8243;][vc_custom_heading text_size=\u00bbfontsize-157437&#8243; text_weight=\u00bb400&#8243; text_height=\u00bbfontheight-357766&#8243; uncode_shortcode_id=\u00bb713525&#8243;]Resoluci\u00f3n de Litigios y Arbitraje[\/vc_custom_heading][\/vc_column_inner][\/vc_row_inner][vc_row_inner row_inner_height_percent=\u00bb0&#8243; overlay_alpha=\u00bb50&#8243; equal_height=\u00bbyes\u00bb gutter_size=\u00bb4&#8243; shift_y=\u00bb0&#8243; z_index=\u00bb0&#8243; limit_content=\u00bb\u00bb uncode_shortcode_id=\u00bb174588&#8243;][vc_column_inner column_width_percent=\u00bb100&#8243; align_horizontal=\u00bbalign_center\u00bb gutter_size=\u00bb3&#8243; overlay_alpha=\u00bb50&#8243; shift_x=\u00bb0&#8243; shift_y=\u00bb0&#8243; shift_y_down=\u00bb0&#8243; z_index=\u00bb0&#8243; medium_width=\u00bb4&#8243; mobile_width=\u00bb0&#8243; width=\u00bb1\/4&#8243; uncode_shortcode_id=\u00bb724579&#8243; el_class=\u00bbgris\u00bb][vc_icon icon=\u00bbfa fa-plus2&#8243; background_style=\u00bbfa-rounded\u00bb outline=\u00bbyes\u00bb uncode_shortcode_id=\u00bb212350&#8243; link=\u00bburl:https%3A%2F%2Fbertrand-galindo.cl%2F2023%2Fderecho-corporativo-derecho-comercial-y-ma%2F|title:Derecho%20Corporativo%2C%20%20Derecho%20Comercial%20y%20M%26A\u00bb][\/vc_icon][\/vc_column_inner][vc_column_inner column_width_percent=\u00bb100&#8243; align_horizontal=\u00bbalign_center\u00bb gutter_size=\u00bb3&#8243; overlay_alpha=\u00bb50&#8243; shift_x=\u00bb0&#8243; shift_y=\u00bb0&#8243; shift_y_down=\u00bb0&#8243; z_index=\u00bb0&#8243; medium_width=\u00bb2&#8243; mobile_width=\u00bb0&#8243; width=\u00bb1\/4&#8243; uncode_shortcode_id=\u00bb814633&#8243; el_class=\u00bbnegro\u00bb][vc_icon icon=\u00bbfa fa-plus2&#8243; background_style=\u00bbfa-rounded\u00bb outline=\u00bbyes\u00bb uncode_shortcode_id=\u00bb892568&#8243; link=\u00bburl:https%3A%2F%2Fbertrand-galindo.cl%2F2023%2Fderecho-financiero-y-de-inversiones%2F|title:Derecho%20Financiero%20y%20de%20Inversiones\u00bb][\/vc_icon][\/vc_column_inner][vc_column_inner column_width_percent=\u00bb100&#8243; align_horizontal=\u00bbalign_center\u00bb gutter_size=\u00bb3&#8243; overlay_alpha=\u00bb50&#8243; shift_x=\u00bb0&#8243; shift_y=\u00bb0&#8243; shift_y_down=\u00bb0&#8243; z_index=\u00bb0&#8243; medium_width=\u00bb0&#8243; mobile_width=\u00bb0&#8243; width=\u00bb1\/4&#8243; uncode_shortcode_id=\u00bb486223&#8243; el_class=\u00bbgris\u00bb][vc_icon icon=\u00bbfa fa-plus2&#8243; background_style=\u00bbfa-rounded\u00bb outline=\u00bbyes\u00bb uncode_shortcode_id=\u00bb757858&#8243; link=\u00bburl:https%3A%2F%2Fbertrand-galindo.cl%2F2023%2Fderecho-internacional%2F|title:Derecho%20en%20Ingenier%C3%ADa%20y%20la%20Construcci%C3%B3n\u00bb][\/vc_icon][\/vc_column_inner][vc_column_inner column_width_percent=\u00bb100&#8243; align_horizontal=\u00bbalign_center\u00bb gutter_size=\u00bb3&#8243; overlay_alpha=\u00bb50&#8243; shift_x=\u00bb0&#8243; shift_y=\u00bb0&#8243; shift_y_down=\u00bb0&#8243; z_index=\u00bb0&#8243; medium_width=\u00bb2&#8243; mobile_width=\u00bb0&#8243; width=\u00bb1\/4&#8243; uncode_shortcode_id=\u00bb206674&#8243; el_class=\u00bbrosado\u00bb][vc_icon icon=\u00bbfa fa-plus2&#8243; background_style=\u00bbfa-rounded\u00bb outline=\u00bbyes\u00bb uncode_shortcode_id=\u00bb617645&#8243; link=\u00bburl:https%3A%2F%2Fbertrand-galindo.cl%2F2023%2Fcomercio-internacional-e-inversion-extranjera%2F|title:Comercio%20internacional%20e%20inversi%C3%B3n%20extranjera\u00bb][\/vc_icon][\/vc_column_inner][\/vc_row_inner][\/vc_column][\/vc_row]<\/p>\n<\/div>","protected":false},"excerpt":{"rendered":"<p>[vc_row row_height_percent=\u00bb50&#8243; override_padding=\u00bbyes\u00bb h_padding=\u00bb2&#8243; top_padding=\u00bb5&#8243; bottom_padding=\u00bb5&#8243; back_color=\u00bbaccent\u00bb back_image=\u00bb131035&#8243; overlay_color=\u00bbcolor-xsdn\u00bb overlay_alpha=\u00bb30&#8243; gutter_size=\u00bb3&#8243; column_width_percent=\u00bb100&#8243; shift_y=\u00bb0&#8243; z_index=\u00bb0&#8243; top_divider=\u00bbgradient\u00bb bottom_divider=\u00bbgradient\u00bb uncode_shortcode_id=\u00bb171892&#8243; back_color_type=\u00bbuncode-palette\u00bb overlay_color_type=\u00bbuncode-palette\u00bb][vc_column column_width_percent=\u00bb100&#8243; [&hellip;]<\/p>\n","protected":false},"author":1,"featured_media":0,"parent":0,"menu_order":0,"comment_status":"closed","ping_status":"closed","template":"","meta":{"footnotes":""},"class_list":["post-131102","page","type-page","status-publish","hentry"],"_links":{"self":[{"href":"https:\/\/www.bertrand-galindo.cl\/2023\/wp-json\/wp\/v2\/pages\/131102","targetHints":{"allow":["GET"]}}],"collection":[{"href":"https:\/\/www.bertrand-galindo.cl\/2023\/wp-json\/wp\/v2\/pages"}],"about":[{"href":"https:\/\/www.bertrand-galindo.cl\/2023\/wp-json\/wp\/v2\/types\/page"}],"author":[{"embeddable":true,"href":"https:\/\/www.bertrand-galindo.cl\/2023\/wp-json\/wp\/v2\/users\/1"}],"replies":[{"embeddable":true,"href":"https:\/\/www.bertrand-galindo.cl\/2023\/wp-json\/wp\/v2\/comments?post=131102"}],"version-history":[{"count":21,"href":"https:\/\/www.bertrand-galindo.cl\/2023\/wp-json\/wp\/v2\/pages\/131102\/revisions"}],"predecessor-version":[{"id":131465,"href":"https:\/\/www.bertrand-galindo.cl\/2023\/wp-json\/wp\/v2\/pages\/131102\/revisions\/131465"}],"wp:attachment":[{"href":"https:\/\/www.bertrand-galindo.cl\/2023\/wp-json\/wp\/v2\/media?parent=131102"}],"curies":[{"name":"wp","href":"https:\/\/api.w.org\/{rel}","templated":true}]}}