{"id":132229,"date":"2026-04-06T04:16:42","date_gmt":"2026-04-06T04:16:42","guid":{"rendered":"https:\/\/www.bertrand-galindo.cl\/?page_id=132229"},"modified":"2026-04-17T04:07:22","modified_gmt":"2026-04-17T04:07:22","slug":"ignacio-urbina-m","status":"publish","type":"page","link":"https:\/\/www.bertrand-galindo.cl\/2023\/ignacio-urbina-m\/","title":{"rendered":"Ignacio Urbina M."},"content":{"rendered":"<div class=\"wpb-content-wrapper\"><p>[vc_row row_height_percent=\u00bb65&#8243; back_color=\u00bbcolor-prif\u00bb back_image=\u00bb130832&#8243; overlay_alpha=\u00bb0&#8243; gutter_size=\u00bb3&#8243; column_width_percent=\u00bb100&#8243; shift_y=\u00bb0&#8243; z_index=\u00bb0&#8243; top_divider=\u00bbgradient\u00bb bottom_divider=\u00bbstep_3_4&#8243; uncode_shortcode_id=\u00bb682954&#8243; back_color_type=\u00bbuncode-palette\u00bb][vc_column column_width_percent=\u00bb100&#8243; position_vertical=\u00bbbottom\u00bb align_horizontal=\u00bbalign_center\u00bb gutter_size=\u00bb3&#8243; style=\u00bbdark\u00bb overlay_alpha=\u00bb50&#8243; shift_x=\u00bb0&#8243; shift_y=\u00bb0&#8243; shift_y_down=\u00bb0&#8243; z_index=\u00bb0&#8243; medium_width=\u00bb0&#8243; mobile_width=\u00bb0&#8243; css_animation=\u00bbalpha-anim\u00bb animation_speed=\u00bb1000&#8243; width=\u00bb1\/1&#8243; uncode_shortcode_id=\u00bb150904&#8243;][vc_row_inner row_inner_height_percent=\u00bb0&#8243; overlay_alpha=\u00bb100&#8243; gutter_size=\u00bb1&#8243; shift_y=\u00bb0&#8243; z_index=\u00bb0&#8243; mobile_visibility=\u00bbyes\u00bb limit_content=\u00bb\u00bb uncode_shortcode_id=\u00bb101808&#8243;][vc_column_inner width=\u00bb5\/12&#8243;][\/vc_column_inner][vc_column_inner column_width_percent=\u00bb100&#8243; gutter_size=\u00bb2&#8243; style=\u00bbdark\u00bb overlay_alpha=\u00bb50&#8243; shift_x=\u00bb0&#8243; shift_y=\u00bb0&#8243; shift_y_down=\u00bb0&#8243; z_index=\u00bb0&#8243; medium_width=\u00bb4&#8243; mobile_visibility=\u00bbyes\u00bb mobile_width=\u00bb0&#8243; width=\u00bb7\/12&#8243; uncode_shortcode_id=\u00bb773980&#8243;][vc_custom_heading auto_text=\u00bbyes\u00bb heading_semantic=\u00bbh1&#8243; text_size=\u00bbfontsize-165505&#8243; text_weight=\u00bb400&#8243; text_height=\u00bbfontheight-179065&#8243; uncode_shortcode_id=\u00bb148984&#8243;]Mar\u00eda Javiera Mira Ll.[\/vc_custom_heading][vc_custom_heading heading_semantic=\u00bbh1&#8243; text_size=\u00bbfontsize-165505&#8243; text_weight=\u00bb400&#8243; text_height=\u00bbfontheight-179065&#8243; text_italic=\u00bbyes\u00bb uncode_shortcode_id=\u00bb200864&#8243; el_id=\u00bbsocio-title\u00bb]Socio[\/vc_custom_heading][\/vc_column_inner][\/vc_row_inner][vc_row_inner row_inner_height_percent=\u00bb0&#8243; overlay_alpha=\u00bb100&#8243; gutter_size=\u00bb3&#8243; shift_y=\u00bb0&#8243; z_index=\u00bb0&#8243; desktop_visibility=\u00bbyes\u00bb medium_visibility=\u00bbyes\u00bb limit_content=\u00bb\u00bb uncode_shortcode_id=\u00bb203623&#8243;][vc_column_inner width=\u00bb5\/12&#8243;][vc_single_image dynamic=\u00bbyes\u00bb media_width_percent=\u00bb85&#8243; media_ratio=\u00bbfour-five\u00bb uncode_shortcode_id=\u00bb194976&#8243;][\/vc_column_inner][vc_column_inner column_width_percent=\u00bb100&#8243; gutter_size=\u00bb2&#8243; style=\u00bbdark\u00bb overlay_alpha=\u00bb50&#8243; shift_x=\u00bb0&#8243; shift_y=\u00bb0&#8243; shift_y_down=\u00bb0&#8243; z_index=\u00bb0&#8243; medium_width=\u00bb4&#8243; mobile_width=\u00bb0&#8243; width=\u00bb7\/12&#8243; uncode_shortcode_id=\u00bb105046&#8243;][vc_custom_heading auto_text=\u00bbyes\u00bb heading_semantic=\u00bbh1&#8243; text_size=\u00bbfontsize-165505&#8243; text_weight=\u00bb400&#8243; text_height=\u00bbfontheight-179065&#8243; uncode_shortcode_id=\u00bb592601&#8243;]Mar\u00eda Javiera Mira Ll.[\/vc_custom_heading][vc_custom_heading heading_semantic=\u00bbh1&#8243; text_size=\u00bbfontsize-165505&#8243; text_weight=\u00bb400&#8243; text_height=\u00bbfontheight-179065&#8243; text_italic=\u00bbyes\u00bb uncode_shortcode_id=\u00bb525720&#8243; el_id=\u00bbsocio-title\u00bb]Socio[\/vc_custom_heading][\/vc_column_inner][\/vc_row_inner][\/vc_column][\/vc_row][vc_row row_height_percent=\u00bb0&#8243; override_padding=\u00bbyes\u00bb h_padding=\u00bb2&#8243; top_padding=\u00bb0&#8243; bottom_padding=\u00bb2&#8243; overlay_alpha=\u00bb50&#8243; gutter_size=\u00bb4&#8243; column_width_percent=\u00bb100&#8243; shift_y=\u00bb0&#8243; z_index=\u00bb0&#8243; bottom_divider=\u00bbstep_2_3&#8243; mobile_visibility=\u00bbyes\u00bb uncode_shortcode_id=\u00bb481536&#8243; el_id=\u00bbfoto-cv\u00bb][vc_column column_width_percent=\u00bb100&#8243; gutter_size=\u00bb3&#8243; font_family=\u00bbfont-175345&#8243; overlay_alpha=\u00bb50&#8243; shift_x=\u00bb0&#8243; shift_y=\u00bb-5&#8243; shift_y_fixed=\u00bbyes\u00bb shift_y_down=\u00bb0&#8243; z_index=\u00bb0&#8243; medium_width=\u00bb3&#8243; mobile_width=\u00bb0&#8243; width=\u00bb5\/12&#8243; uncode_shortcode_id=\u00bb172429&#8243;][vc_row_inner limit_content=\u00bb\u00bb][vc_column_inner column_width_percent=\u00bb100&#8243; gutter_size=\u00bb3&#8243; overlay_alpha=\u00bb50&#8243; shift_x=\u00bb0&#8243; shift_y=\u00bb-5&#8243; shift_y_down=\u00bb0&#8243; z_index=\u00bb0&#8243; medium_width=\u00bb0&#8243; mobile_width=\u00bb0&#8243; width=\u00bb1\/1&#8243; uncode_shortcode_id=\u00bb161746&#8243;][vc_single_image dynamic=\u00bbyes\u00bb media_width_percent=\u00bb85&#8243; media_ratio=\u00bbfour-five\u00bb uncode_shortcode_id=\u00bb803641&#8243;][\/vc_column_inner][\/vc_row_inner][\/vc_column][vc_column column_width_percent=\u00bb100&#8243; gutter_size=\u00bb3&#8243; overlay_alpha=\u00bb50&#8243; shift_x=\u00bb0&#8243; shift_y=\u00bb0&#8243; shift_y_down=\u00bb0&#8243; z_index=\u00bb0&#8243; medium_visibility=\u00bbyes\u00bb medium_width=\u00bb0&#8243; mobile_width=\u00bb0&#8243; width=\u00bb5\/12&#8243;][\/vc_column][vc_column column_width_percent=\u00bb100&#8243; gutter_size=\u00bb3&#8243; overlay_alpha=\u00bb50&#8243; shift_x=\u00bb0&#8243; shift_y=\u00bb0&#8243; shift_y_down=\u00bb0&#8243; z_index=\u00bb0&#8243; medium_width=\u00bb3&#8243; mobile_width=\u00bb0&#8243; width=\u00bb2\/12&#8243; uncode_shortcode_id=\u00bb192213&#8243;][\/vc_column][\/vc_row][vc_row unlock_row=\u00bb\u00bb row_height_percent=\u00bb0&#8243; overlay_alpha=\u00bb50&#8243; gutter_size=\u00bb3&#8243; column_width_percent=\u00bb100&#8243; shift_y=\u00bb0&#8243; z_index=\u00bb0&#8243; uncode_shortcode_id=\u00bb168106&#8243; el_id=\u00bbcv\u00bb][vc_column column_width_percent=\u00bb90&#8243; gutter_size=\u00bb3&#8243; overlay_alpha=\u00bb50&#8243; shift_x=\u00bb0&#8243; shift_y=\u00bb0&#8243; shift_y_down=\u00bb0&#8243; z_index=\u00bb0&#8243; medium_width=\u00bb0&#8243; mobile_width=\u00bb0&#8243; width=\u00bb1\/1&#8243; uncode_shortcode_id=\u00bb147459&#8243;][vc_row_inner][vc_column_inner width=\u00bb2\/6&#8243;][vc_custom_heading heading_semantic=\u00bbp\u00bb text_size=\u00bb\u00bb text_weight=\u00bb900&#8243; uncode_shortcode_id=\u00bb347369&#8243;]Contacto[\/vc_custom_heading][vc_column_text uncode_shortcode_id=\u00bb143026&#8243; css=\u00bb.vc_custom_1775447804115{margin-top: 0px !important;}\u00bb]<a href=\"mailto:iurbina@bertrand-galindo.cl\">iurbina@bertrand-galindo.cl<\/a><br \/>\n<a href=\"tel:56995940061\">+56 9 95940061<\/a>[\/vc_column_text][\/vc_column_inner][vc_column_inner width=\u00bb1\/6&#8243;][vc_custom_heading heading_semantic=\u00bbp\u00bb text_size=\u00bb\u00bb text_weight=\u00bb900&#8243; uncode_shortcode_id=\u00bb523371&#8243;]Idiomas[\/vc_custom_heading][vc_column_text uncode_shortcode_id=\u00bb141603&#8243; css=\u00bb.vc_custom_1775447823317{margin-top: 0px !important;}\u00bb]Espa\u00f1ol<br \/>\nIngl\u00e9s[\/vc_column_text][\/vc_column_inner][vc_column_inner width=\u00bb1\/6&#8243;][vc_custom_heading heading_semantic=\u00bbp\u00bb text_size=\u00bb\u00bb text_weight=\u00bb900&#8243; uncode_shortcode_id=\u00bb850667&#8243;]V-Card[\/vc_custom_heading][vc_column_text uncode_shortcode_id=\u00bb424037&#8243; css=\u00bb.vc_custom_1775449425523{margin-top: 0px !important;}\u00bb]<a href=\"\/vcards\/ignacio-urbina.vcf\"><img decoding=\"async\" class=\"alignnone wp-image-130701\" src=\"https:\/\/bertrand-galindo.cl\/wp-content\/uploads\/2023\/08\/vcard-icon.png\" alt=\"\" width=\"97\" height=\"62\" srcset=\"https:\/\/www.bertrand-galindo.cl\/2023\/wp-content\/uploads\/2023\/08\/vcard-icon.png 402w, https:\/\/www.bertrand-galindo.cl\/2023\/wp-content\/uploads\/2023\/08\/vcard-icon-300x192.png 300w, https:\/\/www.bertrand-galindo.cl\/2023\/wp-content\/uploads\/2023\/08\/vcard-icon-350x224.png 350w\" sizes=\"(max-width: 97px) 100vw, 97px\" \/><\/a>[\/vc_column_text][\/vc_column_inner][vc_column_inner width=\u00bb2\/6&#8243;][\/vc_column_inner][\/vc_row_inner][vc_column_text uncode_shortcode_id=\u00bb210953&#8243;]El Sr. Urbina lidera la pr\u00e1ctica de derecho ambiental de Bertrand-Galindo Barrueto Barroilhet, donde asesora a empresas en sus diversos desaf\u00edos regulatorios, incluyendo el desarrollo de proyectos, la obtenci\u00f3n de sus permisos ambientales, litigios socioambientales, procedimientos de evaluaci\u00f3n ambiental, procesos de fiscalizaci\u00f3n, procedimientos sancionatorios, recursos de protecci\u00f3n, demandas de da\u00f1o ambiental, emergencias ambientales, auditor\u00edas de cumplimiento, econom\u00eda circular, cambio clim\u00e1tico, derechos humanos y asesor\u00eda constitucional en asuntos ambientales y regulatorios.<\/p>\n<p>En el \u00e1mbito acad\u00e9mico, el Sr. Urbina es Director del Programa de Sostenibilidad Corporativa de la Pontificia Universidad Cat\u00f3lica de Chile y profesor de la Facultad de Derecho en dicha casa de estudios, consolidando una destacada trayectoria docente en derecho ambiental y sostenibilidad. Asimismo, tiene experiencia previa en el sector p\u00fablico, habiendo servido previamente en la Superintendencia del Medio Ambiente, como abogado y Jefe de Gabinete (2010 \u2013 2013).<\/p>\n<p>El se\u00f1or Urbina ha sido reconocido por Chambers and Partners (Band 4), Legal 500 (Leading Partner) y Best Lawyers, logrando posicionarse como un referente en derecho ambiental en Chile. Su opini\u00f3n es frecuentemente consultada por la prensa econ\u00f3mica nacional.[\/vc_column_text][vc_column_text uncode_shortcode_id=\u00bb260545&#8243;]<strong>Educaci\u00f3n<\/strong><br \/>\n* Doctor en Derecho Ambiental, Pace University,\u00a0New York,\u00a02018 (Pace Law Merit Award \/ Becas Chile).<br \/>\n* M\u00e1ster en Derecho (LL.M.), Universidad de Michigan, 2012 (Michigan Grotius Fellow \/ Becas Chile).<br \/>\n* Licenciado en Derecho, Pontificia Universidad Cat\u00f3lica de Chile, 2009.[\/vc_column_text][\/vc_column][\/vc_row][vc_row row_height_percent=\u00bb0&#8243; override_padding=\u00bbyes\u00bb h_padding=\u00bb2&#8243; top_padding=\u00bb4&#8243; bottom_padding=\u00bb4&#8243; overlay_alpha=\u00bb50&#8243; gutter_size=\u00bb3&#8243; column_width_percent=\u00bb100&#8243; shift_y=\u00bb0&#8243; z_index=\u00bb0&#8243; bottom_divider=\u00bbstep_3_4&#8243; mobile_visibility=\u00bbyes\u00bb uncode_shortcode_id=\u00bb365561&#8243; el_id=\u00bbareas-practica\u00bb][vc_column column_width_percent=\u00bb100&#8243; align_horizontal=\u00bbalign_center\u00bb gutter_size=\u00bb4&#8243; overlay_alpha=\u00bb50&#8243; shift_x=\u00bb0&#8243; shift_y=\u00bb0&#8243; shift_y_down=\u00bb0&#8243; z_index=\u00bb0&#8243; medium_width=\u00bb0&#8243; mobile_width=\u00bb0&#8243; css_animation=\u00bbalpha-anim\u00bb animation_speed=\u00bb1000&#8243; width=\u00bb1\/1&#8243; uncode_shortcode_id=\u00bb142485&#8243;][vc_row_inner limit_content=\u00bb\u00bb][vc_column_inner width=\u00bb1\/1&#8243;][vc_custom_heading heading_semantic=\u00bbh6&#8243; text_font=\u00bbfont-594008&#8243; text_size=\u00bbfontsize-157437&#8243; text_weight=\u00bb400&#8243; text_transform=\u00bbuppercase\u00bb text_space=\u00bbfontspace-210350&#8243; uncode_shortcode_id=\u00bb210242&#8243; text_color_type=\u00bbuncode-solid\u00bb text_color_solid=\u00bb#878787&#8243;]\u00c1REAS DE PR\u00c1CTICA[\/vc_custom_heading][\/vc_column_inner][\/vc_row_inner][vc_row_inner row_inner_height_percent=\u00bb0&#8243; overlay_alpha=\u00bb50&#8243; equal_height=\u00bbyes\u00bb gutter_size=\u00bb4&#8243; shift_y=\u00bb0&#8243; z_index=\u00bb0&#8243; limit_content=\u00bb\u00bb uncode_shortcode_id=\u00bb174588&#8243;][vc_column_inner column_width_percent=\u00bb100&#8243; align_horizontal=\u00bbalign_center\u00bb gutter_size=\u00bb3&#8243; overlay_alpha=\u00bb50&#8243; shift_x=\u00bb0&#8243; shift_y=\u00bb0&#8243; shift_y_down=\u00bb0&#8243; z_index=\u00bb0&#8243; medium_width=\u00bb4&#8243; mobile_width=\u00bb0&#8243; width=\u00bb1\/4&#8243; uncode_shortcode_id=\u00bb268925&#8243;][vc_custom_heading text_size=\u00bbfontsize-157437&#8243; text_weight=\u00bb400&#8243; text_height=\u00bbfontheight-357766&#8243; uncode_shortcode_id=\u00bb386084&#8243;]Derecho Medioambiental[\/vc_custom_heading][\/vc_column_inner][vc_column_inner column_width_percent=\u00bb100&#8243; align_horizontal=\u00bbalign_center\u00bb gutter_size=\u00bb3&#8243; overlay_alpha=\u00bb50&#8243; shift_x=\u00bb0&#8243; shift_y=\u00bb0&#8243; shift_y_down=\u00bb0&#8243; z_index=\u00bb0&#8243; medium_width=\u00bb0&#8243; mobile_width=\u00bb0&#8243; width=\u00bb1\/4&#8243; uncode_shortcode_id=\u00bb955737&#8243;][vc_custom_heading text_size=\u00bbfontsize-157437&#8243; text_weight=\u00bb400&#8243; text_height=\u00bbfontheight-357766&#8243; uncode_shortcode_id=\u00bb204262&#8243;]Resoluci\u00f3n de Litigios y Arbitraje[\/vc_custom_heading][\/vc_column_inner][vc_column_inner column_width_percent=\u00bb100&#8243; align_horizontal=\u00bbalign_center\u00bb gutter_size=\u00bb3&#8243; overlay_alpha=\u00bb50&#8243; shift_x=\u00bb0&#8243; shift_y=\u00bb0&#8243; shift_y_down=\u00bb0&#8243; z_index=\u00bb0&#8243; medium_width=\u00bb2&#8243; mobile_width=\u00bb0&#8243; width=\u00bb1\/4&#8243; uncode_shortcode_id=\u00bb112484&#8243;][vc_custom_heading text_size=\u00bbfontsize-157437&#8243; text_weight=\u00bb400&#8243; text_height=\u00bbfontheight-357766&#8243; uncode_shortcode_id=\u00bb491511&#8243;]ASG[\/vc_custom_heading][\/vc_column_inner][vc_column_inner column_width_percent=\u00bb100&#8243; align_horizontal=\u00bbalign_center\u00bb gutter_size=\u00bb3&#8243; overlay_alpha=\u00bb50&#8243; shift_x=\u00bb0&#8243; shift_y=\u00bb0&#8243; shift_y_down=\u00bb0&#8243; z_index=\u00bb0&#8243; medium_width=\u00bb2&#8243; mobile_width=\u00bb0&#8243; width=\u00bb1\/4&#8243; uncode_shortcode_id=\u00bb103011&#8243;][\/vc_column_inner][\/vc_row_inner][vc_row_inner row_inner_height_percent=\u00bb0&#8243; overlay_alpha=\u00bb50&#8243; equal_height=\u00bbyes\u00bb gutter_size=\u00bb4&#8243; shift_y=\u00bb0&#8243; z_index=\u00bb0&#8243; limit_content=\u00bb\u00bb uncode_shortcode_id=\u00bb174588&#8243;][vc_column_inner column_width_percent=\u00bb100&#8243; align_horizontal=\u00bbalign_center\u00bb gutter_size=\u00bb3&#8243; overlay_alpha=\u00bb50&#8243; shift_x=\u00bb0&#8243; shift_y=\u00bb0&#8243; shift_y_down=\u00bb0&#8243; z_index=\u00bb0&#8243; medium_width=\u00bb4&#8243; mobile_width=\u00bb0&#8243; width=\u00bb1\/4&#8243; uncode_shortcode_id=\u00bb945711&#8243; el_class=\u00bbverde\u00bb][vc_icon icon=\u00bbfa fa-plus2&#8243; background_style=\u00bbfa-rounded\u00bb outline=\u00bbyes\u00bb uncode_shortcode_id=\u00bb428086&#8243; link=\u00bburl:https%3A%2F%2Fbertrand-galindo.cl%2Fderecho-medioambiental%2F|title:Derecho%20Medioambiental\u00bb][\/vc_icon][\/vc_column_inner][vc_column_inner column_width_percent=\u00bb100&#8243; align_horizontal=\u00bbalign_center\u00bb gutter_size=\u00bb3&#8243; overlay_alpha=\u00bb50&#8243; shift_x=\u00bb0&#8243; shift_y=\u00bb0&#8243; shift_y_down=\u00bb0&#8243; z_index=\u00bb0&#8243; medium_width=\u00bb0&#8243; mobile_width=\u00bb0&#8243; width=\u00bb1\/4&#8243; uncode_shortcode_id=\u00bb908741&#8243; el_class=\u00bbrosado\u00bb][vc_icon icon=\u00bbfa fa-plus2&#8243; background_style=\u00bbfa-rounded\u00bb outline=\u00bbyes\u00bb uncode_shortcode_id=\u00bb169692&#8243; link=\u00bburl:https%3A%2F%2Fbertrand-galindo.cl%2F2023%2Fresolucion-de-litigios-y-arbitraje%2F|title:Resoluci%C3%B3n%20de%20Litigios%20y%20Arbitraje\u00bb][\/vc_icon][\/vc_column_inner][vc_column_inner column_width_percent=\u00bb100&#8243; align_horizontal=\u00bbalign_center\u00bb gutter_size=\u00bb3&#8243; overlay_alpha=\u00bb50&#8243; shift_x=\u00bb0&#8243; shift_y=\u00bb0&#8243; shift_y_down=\u00bb0&#8243; z_index=\u00bb0&#8243; medium_width=\u00bb2&#8243; mobile_width=\u00bb0&#8243; width=\u00bb1\/4&#8243; uncode_shortcode_id=\u00bb196931&#8243; el_class=\u00bbnegro\u00bb][vc_icon icon=\u00bbfa fa-plus2&#8243; background_style=\u00bbfa-rounded\u00bb outline=\u00bbyes\u00bb uncode_shortcode_id=\u00bb929227&#8243; link=\u00bburl:https%3A%2F%2Fwww.bertrand-galindo.cl%2Fambiental-social-y-gobernanza%2F|title:Ambiental%2C%20%20Social%20y%20Gobernanza\u00bb][\/vc_icon][\/vc_column_inner][vc_column_inner column_width_percent=\u00bb100&#8243; align_horizontal=\u00bbalign_center\u00bb gutter_size=\u00bb3&#8243; overlay_alpha=\u00bb50&#8243; shift_x=\u00bb0&#8243; shift_y=\u00bb0&#8243; shift_y_down=\u00bb0&#8243; z_index=\u00bb0&#8243; medium_width=\u00bb2&#8243; mobile_width=\u00bb0&#8243; width=\u00bb1\/4&#8243; uncode_shortcode_id=\u00bb174791&#8243; el_class=\u00bbverde\u00bb][\/vc_column_inner][\/vc_row_inner][\/vc_column][\/vc_row][vc_row row_height_percent=\u00bb0&#8243; override_padding=\u00bbyes\u00bb h_padding=\u00bb2&#8243; top_padding=\u00bb4&#8243; bottom_padding=\u00bb4&#8243; overlay_alpha=\u00bb50&#8243; gutter_size=\u00bb3&#8243; column_width_percent=\u00bb100&#8243; shift_y=\u00bb0&#8243; z_index=\u00bb0&#8243; bottom_divider=\u00bbstep_3_4&#8243; desktop_visibility=\u00bbyes\u00bb medium_visibility=\u00bbyes\u00bb uncode_shortcode_id=\u00bb353497&#8243; el_id=\u00bbareas-practica\u00bb][vc_column column_width_percent=\u00bb100&#8243; align_horizontal=\u00bbalign_center\u00bb gutter_size=\u00bb4&#8243; overlay_alpha=\u00bb50&#8243; shift_x=\u00bb0&#8243; shift_y=\u00bb0&#8243; shift_y_down=\u00bb0&#8243; z_index=\u00bb0&#8243; medium_width=\u00bb0&#8243; mobile_width=\u00bb0&#8243; css_animation=\u00bbalpha-anim\u00bb animation_speed=\u00bb1000&#8243; width=\u00bb1\/1&#8243; uncode_shortcode_id=\u00bb142485&#8243;][vc_row_inner limit_content=\u00bb\u00bb][vc_column_inner width=\u00bb1\/1&#8243;][vc_custom_heading heading_semantic=\u00bbh6&#8243; text_font=\u00bbfont-594008&#8243; text_size=\u00bbfontsize-157437&#8243; text_weight=\u00bb400&#8243; text_transform=\u00bbuppercase\u00bb text_space=\u00bbfontspace-210350&#8243; uncode_shortcode_id=\u00bb210242&#8243; text_color_type=\u00bbuncode-solid\u00bb text_color_solid=\u00bb#878787&#8243;]\u00c1REAS DE PR\u00c1CTICA[\/vc_custom_heading][\/vc_column_inner][\/vc_row_inner][vc_row_inner row_inner_height_percent=\u00bb0&#8243; overlay_alpha=\u00bb50&#8243; equal_height=\u00bbyes\u00bb gutter_size=\u00bb5&#8243; shift_y=\u00bb0&#8243; z_index=\u00bb0&#8243; limit_content=\u00bb\u00bb uncode_shortcode_id=\u00bb211906&#8243;][vc_column_inner column_width_percent=\u00bb100&#8243; align_horizontal=\u00bbalign_center\u00bb gutter_size=\u00bb3&#8243; overlay_alpha=\u00bb50&#8243; shift_x=\u00bb0&#8243; shift_y=\u00bb0&#8243; shift_y_down=\u00bb0&#8243; z_index=\u00bb0&#8243; medium_width=\u00bb4&#8243; mobile_width=\u00bb0&#8243; width=\u00bb1\/4&#8243; uncode_shortcode_id=\u00bb316972&#8243; el_class=\u00bbverde\u00bb][vc_custom_heading text_size=\u00bbfontsize-157437&#8243; text_weight=\u00bb400&#8243; text_height=\u00bbfontheight-357766&#8243; uncode_shortcode_id=\u00bb386084&#8243;]Derecho Medioambiental[\/vc_custom_heading][vc_icon icon=\u00bbfa fa-plus2&#8243; background_style=\u00bbfa-rounded\u00bb outline=\u00bbyes\u00bb uncode_shortcode_id=\u00bb428086&#8243; link=\u00bburl:https%3A%2F%2Fbertrand-galindo.cl%2Fderecho-medioambiental%2F|title:Derecho%20Medioambiental\u00bb][\/vc_icon][\/vc_column_inner][vc_column_inner column_width_percent=\u00bb100&#8243; align_horizontal=\u00bbalign_center\u00bb gutter_size=\u00bb3&#8243; overlay_alpha=\u00bb50&#8243; shift_x=\u00bb0&#8243; shift_y=\u00bb0&#8243; shift_y_down=\u00bb0&#8243; z_index=\u00bb0&#8243; medium_width=\u00bb2&#8243; mobile_width=\u00bb0&#8243; width=\u00bb1\/4&#8243; uncode_shortcode_id=\u00bb933004&#8243; el_class=\u00bbnegro\u00bb][vc_custom_heading text_size=\u00bbfontsize-157437&#8243; text_weight=\u00bb400&#8243; text_height=\u00bbfontheight-357766&#8243; uncode_shortcode_id=\u00bb204262&#8243;]Resoluci\u00f3n de Litigios y Arbitraje[\/vc_custom_heading][vc_icon icon=\u00bbfa fa-plus2&#8243; background_style=\u00bbfa-rounded\u00bb outline=\u00bbyes\u00bb uncode_shortcode_id=\u00bb169692&#8243; link=\u00bburl:https%3A%2F%2Fbertrand-galindo.cl%2F2023%2Fresolucion-de-litigios-y-arbitraje%2F|title:Resoluci%C3%B3n%20de%20Litigios%20y%20Arbitraje\u00bb][\/vc_icon][\/vc_column_inner][vc_column_inner column_width_percent=\u00bb100&#8243; align_horizontal=\u00bbalign_center\u00bb gutter_size=\u00bb3&#8243; overlay_alpha=\u00bb50&#8243; shift_x=\u00bb0&#8243; shift_y=\u00bb0&#8243; shift_y_down=\u00bb0&#8243; z_index=\u00bb0&#8243; medium_width=\u00bb0&#8243; mobile_width=\u00bb0&#8243; width=\u00bb1\/4&#8243; uncode_shortcode_id=\u00bb100330&#8243; el_class=\u00bbnegro\u00bb][vc_custom_heading text_size=\u00bbfontsize-157437&#8243; text_weight=\u00bb400&#8243; text_height=\u00bbfontheight-357766&#8243; uncode_shortcode_id=\u00bb491511&#8243;]ASG[\/vc_custom_heading][vc_icon icon=\u00bbfa fa-plus2&#8243; background_style=\u00bbfa-rounded\u00bb outline=\u00bbyes\u00bb uncode_shortcode_id=\u00bb929227&#8243; link=\u00bburl:https%3A%2F%2Fwww.bertrand-galindo.cl%2Fambiental-social-y-gobernanza%2F|title:Ambiental%2C%20%20Social%20y%20Gobernanza\u00bb][\/vc_icon][\/vc_column_inner][vc_column_inner column_width_percent=\u00bb100&#8243; align_horizontal=\u00bbalign_center\u00bb gutter_size=\u00bb3&#8243; overlay_alpha=\u00bb50&#8243; shift_x=\u00bb0&#8243; shift_y=\u00bb0&#8243; shift_y_down=\u00bb0&#8243; z_index=\u00bb0&#8243; medium_width=\u00bb2&#8243; mobile_width=\u00bb0&#8243; width=\u00bb1\/4&#8243; uncode_shortcode_id=\u00bb183904&#8243; el_class=\u00bbverde\u00bb][\/vc_column_inner][\/vc_row_inner][\/vc_column][\/vc_row]<\/p>\n<\/div>","protected":false},"excerpt":{"rendered":"<p>[vc_row row_height_percent=\u00bb65&#8243; back_color=\u00bbcolor-prif\u00bb back_image=\u00bb130832&#8243; overlay_alpha=\u00bb0&#8243; gutter_size=\u00bb3&#8243; column_width_percent=\u00bb100&#8243; shift_y=\u00bb0&#8243; z_index=\u00bb0&#8243; top_divider=\u00bbgradient\u00bb bottom_divider=\u00bbstep_3_4&#8243; uncode_shortcode_id=\u00bb682954&#8243; back_color_type=\u00bbuncode-palette\u00bb][vc_column column_width_percent=\u00bb100&#8243; position_vertical=\u00bbbottom\u00bb align_horizontal=\u00bbalign_center\u00bb gutter_size=\u00bb3&#8243; style=\u00bbdark\u00bb overlay_alpha=\u00bb50&#8243; shift_x=\u00bb0&#8243; [&hellip;]<\/p>\n","protected":false},"author":1,"featured_media":132231,"parent":0,"menu_order":0,"comment_status":"closed","ping_status":"closed","template":"","meta":{"footnotes":""},"class_list":["post-132229","page","type-page","status-publish","has-post-thumbnail","hentry","page_category-resolucion-de-litigios-y-arbitraje","page_category-asg","page_category-derecho-medioambiental"],"_links":{"self":[{"href":"https:\/\/www.bertrand-galindo.cl\/2023\/wp-json\/wp\/v2\/pages\/132229","targetHints":{"allow":["GET"]}}],"collection":[{"href":"https:\/\/www.bertrand-galindo.cl\/2023\/wp-json\/wp\/v2\/pages"}],"about":[{"href":"https:\/\/www.bertrand-galindo.cl\/2023\/wp-json\/wp\/v2\/types\/page"}],"author":[{"embeddable":true,"href":"https:\/\/www.bertrand-galindo.cl\/2023\/wp-json\/wp\/v2\/users\/1"}],"replies":[{"embeddable":true,"href":"https:\/\/www.bertrand-galindo.cl\/2023\/wp-json\/wp\/v2\/comments?post=132229"}],"version-history":[{"count":8,"href":"https:\/\/www.bertrand-galindo.cl\/2023\/wp-json\/wp\/v2\/pages\/132229\/revisions"}],"predecessor-version":[{"id":132247,"href":"https:\/\/www.bertrand-galindo.cl\/2023\/wp-json\/wp\/v2\/pages\/132229\/revisions\/132247"}],"wp:featuredmedia":[{"embeddable":true,"href":"https:\/\/www.bertrand-galindo.cl\/2023\/wp-json\/wp\/v2\/media\/132231"}],"wp:attachment":[{"href":"https:\/\/www.bertrand-galindo.cl\/2023\/wp-json\/wp\/v2\/media?parent=132229"}],"curies":[{"name":"wp","href":"https:\/\/api.w.org\/{rel}","templated":true}]}}